{"id":1593,"date":"2021-10-05T14:27:40","date_gmt":"2021-10-05T12:27:40","guid":{"rendered":"https:\/\/desirecalero.com\/?page_id=1593"},"modified":"2021-10-19T16:57:06","modified_gmt":"2021-10-19T14:57:06","slug":"avis-juridique","status":"publish","type":"page","link":"https:\/\/desirecalero.com\/fr\/avis-juridique\/","title":{"rendered":"Avis juridique"},"content":{"rendered":"<style>#kt-layout-id_1eed01-ad > .kt-row-column-wrap{align-content:start;}:where(#kt-layout-id_1eed01-ad > .kt-row-column-wrap) > .wp-block-kadence-column{justify-content:start;}#kt-layout-id_1eed01-ad > .kt-row-column-wrap{column-gap:var(--global-kb-gap-md, 2rem);row-gap:var(--global-kb-gap-md, 2rem);max-width:1100px;margin-left:auto;margin-right:auto;padding-top:var( --global-kb-row-default-top, 25px );padding-bottom:var( --global-kb-row-default-bottom, 25px );padding-top:75px;padding-bottom:75px;padding-left:20px;padding-right:20px;grid-template-columns:minmax(0, 1fr);}#kt-layout-id_1eed01-ad > .kt-row-layout-overlay{opacity:0.30;}@media all and (max-width: 1024px){#kt-layout-id_1eed01-ad > .kt-row-column-wrap{grid-template-columns:minmax(0, 1fr);}}@media all and (max-width: 767px){#kt-layout-id_1eed01-ad > .kt-row-column-wrap{grid-template-columns:minmax(0, 1fr);}}<\/style>\n<div class=\"wp-block-kadence-rowlayout alignnone\"><div id=\"kt-layout-id_1eed01-ad\" class=\"kt-row-layout-inner kt-layout-id_1eed01-ad\"><div class=\"kt-row-column-wrap kt-has-1-columns kt-gutter-default kt-v-gutter-default kt-row-valign-top kt-row-layout-equal kt-tab-layout-inherit kt-m-colapse-left-to-right kt-mobile-layout-row\"><style>.kadence-column_b4d906-90 > .kt-inside-inner-col{border-top-width:0px;border-right-width:0px;border-bottom-width:0px;border-left-width:0px;}.kadence-column_b4d906-90 > .kt-inside-inner-col,.kadence-column_b4d906-90 > .kt-inside-inner-col:before{border-top-left-radius:0px;border-top-right-radius:0px;border-bottom-right-radius:0px;border-bottom-left-radius:0px;}.kadence-column_b4d906-90 > .kt-inside-inner-col{column-gap:var(--global-kb-gap-sm, 1rem);}.kadence-column_b4d906-90 > .kt-inside-inner-col{flex-direction:column;}.kadence-column_b4d906-90 > .kt-inside-inner-col > .aligncenter{width:100%;}.kadence-column_b4d906-90 > .kt-inside-inner-col:before{opacity:0.3;}.kadence-column_b4d906-90{position:relative;}@media all and (max-width: 1024px){.kadence-column_b4d906-90 > .kt-inside-inner-col{flex-direction:column;justify-content:center;}}@media all and (max-width: 767px){.kadence-column_b4d906-90 > .kt-inside-inner-col{flex-direction:column;justify-content:center;}}<\/style>\n<div class=\"wp-block-kadence-column inner-column-1 kadence-column_b4d906-90\"><div class=\"kt-inside-inner-col\">\n<p>Tablao flamenco el cardenal SL, muni de NIF \/ CIF B-56.037.450, adresse Ctra Palma del R\u00edo km 3.5 Parque Joyero phase 3 nave 20 14005 C\u00f3rdoba, ne peut assumer aucune responsabilit\u00e9 d\u00e9riv\u00e9e de l&rsquo;utilisation incorrecte, inappropri\u00e9e ou ill\u00e9gale des informations qui appara\u00eet sur le site de https:\/\/desirecalero.com\/<\/p>\n\n\n\n<p>Avec les limites \u00e9tablies par la loi, la loi organique 3\/2018, du 5 d\u00e9cembre, Protection des donn\u00e9es personnelles et garantie des droits num\u00e9riques, il n&rsquo;assume aucune responsabilit\u00e9 d\u00e9riv\u00e9e du manque de v\u00e9racit\u00e9, d&rsquo;int\u00e9grit\u00e9, de mise \u00e0 jour et de pr\u00e9cision des donn\u00e9es ou informations contenues dans ses pages Internet.<\/p>\n\n\n\n<p>Le contenu et les informations ne lient pas Tablao flamenco el cardenal S.L., ni ne constituent des opinions, des conseils ou des conseils juridiques de quelque nature que ce soit, car il s&rsquo;agit simplement d&rsquo;un service offert \u00e0 des fins d&rsquo;information et d&rsquo;information.<\/p>\n\n\n\n<p>La page Internet <a href=\"https:\/\/desirecalero.com\/\">https:\/\/desirecalero.com\/<\/a> peut contenir des liens vers d&rsquo;autres pages de tiers que Tablao flamenco el cardenal S.L. ne peut pas contr\u00f4ler. Par cons\u00e9quent, Tablao flamenco el cardenal S.L., ne peut assumer la responsabilit\u00e9 du contenu pouvant appara\u00eetre sur les pages de tiers.<\/p>\n\n\n\n<p>Les textes, images, sons, animations, logiciels et le reste du contenu inclus dans ce site Web sont la propri\u00e9t\u00e9 exclusive de Tablao flamenco el cardenal S.L., ou de ses conc\u00e9dants de licence. Tout acte de transmission, distribution, cession, reproduction, stockage ou communication publique totale ou partielle doit avoir le consentement expr\u00e8s de Tablao flamenco el cardenal S.L.<\/p>\n\n\n\n<p>De m\u00eame, pour acc\u00e9der \u00e0 certains des services propos\u00e9s par Tablao flamenco el cardenal S.L. via le site Web, vous devez fournir certaines donn\u00e9es personnelles. En cumplimiento de lo establecido en el Reglamento (UE) 2016\/679 del Parlamento Europeo y del Consejo, de 27 de abril de 2016, relativo a la protecci\u00f3n de las personas f\u00edsicas en lo que respecta al tratamiento de datos personales ya la libre circulaci\u00f3n de estos datos le informamos que, mediante la cumplimentaci\u00f3n de los presentes formularios, sus datos personales quedar\u00e1n incorporados y ser\u00e1n tratados en los ficheros de Tablao flamenco el cardenal SL, con el fin de poderle prestar y ofrecer nuestros servicios as\u00ed como para informarle de las mejoras del site Web. De m\u00eame, nous vous informons de la possibilit\u00e9 d&rsquo;exercer les droits d&rsquo;acc\u00e8s, de rectification, d&rsquo;annulation et d&rsquo;opposition de vos donn\u00e9es personnelles, gratuitement par courrier \u00e9lectronique \u00e0 info@desirecalero.com ou \u00e0 l&rsquo;adresse Ctra Palma del R\u00edo km 3.5 Parque Joyero phase 3 nef 20 14005 Cordoue.<\/p>\n<\/div><\/div>\n<\/div><\/div><\/div>\n","protected":false},"excerpt":{"rendered":"<p>Tablao flamenco el cardenal SL, muni de NIF \/ CIF B-56.037.450, adresse Ctra Palma del R\u00edo km 3.5 Parque Joyero phase 3 nave 20 14005 C\u00f3rdoba, ne peut assumer aucune responsabilit\u00e9 d\u00e9riv\u00e9e de l&rsquo;utilisation incorrecte, inappropri\u00e9e ou ill\u00e9gale des informations qui appara\u00eet sur le site de https:\/\/desirecalero.com\/ Avec les limites \u00e9tablies par la loi, la&#8230;<\/p>\n","protected":false},"author":1,"featured_media":0,"parent":0,"menu_order":0,"comment_status":"closed","ping_status":"closed","template":"","meta":{"_acf_changed":false,"_kad_blocks_custom_css":"","_kad_blocks_head_custom_js":"","_kad_blocks_body_custom_js":"","_kad_blocks_footer_custom_js":"","_kad_post_transparent":"","_kad_post_title":"","_kad_post_layout":"","_kad_post_sidebar_id":"","_kad_post_content_style":"","_kad_post_vertical_padding":"","_kad_post_feature":"","_kad_post_feature_position":"","_kad_post_header":false,"_kad_post_footer":false,"_kad_post_classname":"","footnotes":""},"class_list":["post-1593","page","type-page","status-publish","hentry"],"acf":[],"yoast_head":"<!-- This site is optimized with the Yoast SEO plugin v27.3 - https:\/\/yoast.com\/product\/yoast-seo-wordpress\/ -->\n<title>Avis juridique &#8226; Desire Calero<\/title>\n<meta name=\"description\" content=\"Desde shows privados hasta la magia y el encanto de la casa de la Embajadora del Flamenco en C\u00f3rdoba, te ofrecemos de nuestra mano una experiencia \u00fanica e irrepetible.\" \/>\n<meta name=\"robots\" content=\"index, follow, max-snippet:-1, max-image-preview:large, max-video-preview:-1\" \/>\n<link rel=\"canonical\" href=\"https:\/\/desirecalero.com\/fr\/avis-juridique\/\" \/>\n<meta property=\"og:locale\" content=\"fr_FR\" \/>\n<meta property=\"og:type\" content=\"article\" \/>\n<meta property=\"og:title\" content=\"Avis juridique &#8226; Desire Calero\" \/>\n<meta property=\"og:description\" content=\"Desde shows privados hasta la magia y el encanto de la casa de la Embajadora del Flamenco en C\u00f3rdoba, te ofrecemos de nuestra mano una experiencia \u00fanica e irrepetible.\" \/>\n<meta property=\"og:url\" content=\"https:\/\/desirecalero.com\/fr\/avis-juridique\/\" \/>\n<meta property=\"og:site_name\" content=\"Desire Calero\" \/>\n<meta property=\"article:modified_time\" content=\"2021-10-19T14:57:06+00:00\" \/>\n<meta name=\"twitter:card\" content=\"summary_large_image\" \/>\n<meta name=\"twitter:label1\" content=\"Dur\u00e9e de lecture estim\u00e9e\" \/>\n\t<meta name=\"twitter:data1\" content=\"2 minutes\" \/>\n<script type=\"application\/ld+json\" class=\"yoast-schema-graph\">{\"@context\":\"https:\\\/\\\/schema.org\",\"@graph\":[{\"@type\":\"WebPage\",\"@id\":\"https:\\\/\\\/desirecalero.com\\\/fr\\\/avis-juridique\\\/\",\"url\":\"https:\\\/\\\/desirecalero.com\\\/fr\\\/avis-juridique\\\/\",\"name\":\"Avis juridique &#8226; Desire Calero\",\"isPartOf\":{\"@id\":\"https:\\\/\\\/desirecalero.com\\\/fr\\\/#website\"},\"datePublished\":\"2021-10-05T12:27:40+00:00\",\"dateModified\":\"2021-10-19T14:57:06+00:00\",\"description\":\"Desde shows privados hasta la magia y el encanto de la casa de la Embajadora del Flamenco en C\u00f3rdoba, te ofrecemos de nuestra mano una experiencia \u00fanica e irrepetible.\",\"breadcrumb\":{\"@id\":\"https:\\\/\\\/desirecalero.com\\\/fr\\\/avis-juridique\\\/#breadcrumb\"},\"inLanguage\":\"fr-FR\",\"potentialAction\":[{\"@type\":\"ReadAction\",\"target\":[\"https:\\\/\\\/desirecalero.com\\\/fr\\\/avis-juridique\\\/\"]}]},{\"@type\":\"BreadcrumbList\",\"@id\":\"https:\\\/\\\/desirecalero.com\\\/fr\\\/avis-juridique\\\/#breadcrumb\",\"itemListElement\":[{\"@type\":\"ListItem\",\"position\":1,\"name\":\"Portada\",\"item\":\"https:\\\/\\\/desirecalero.com\\\/fr\\\/\"},{\"@type\":\"ListItem\",\"position\":2,\"name\":\"Avis juridique\"}]},{\"@type\":\"WebSite\",\"@id\":\"https:\\\/\\\/desirecalero.com\\\/fr\\\/#website\",\"url\":\"https:\\\/\\\/desirecalero.com\\\/fr\\\/\",\"name\":\"Desire Calero\",\"description\":\"\",\"publisher\":{\"@id\":\"https:\\\/\\\/desirecalero.com\\\/fr\\\/#organization\"},\"potentialAction\":[{\"@type\":\"SearchAction\",\"target\":{\"@type\":\"EntryPoint\",\"urlTemplate\":\"https:\\\/\\\/desirecalero.com\\\/fr\\\/?s={search_term_string}\"},\"query-input\":{\"@type\":\"PropertyValueSpecification\",\"valueRequired\":true,\"valueName\":\"search_term_string\"}}],\"inLanguage\":\"fr-FR\"},{\"@type\":\"Organization\",\"@id\":\"https:\\\/\\\/desirecalero.com\\\/fr\\\/#organization\",\"name\":\"Desir\u00e9e Calero\",\"url\":\"https:\\\/\\\/desirecalero.com\\\/fr\\\/\",\"logo\":{\"@type\":\"ImageObject\",\"inLanguage\":\"fr-FR\",\"@id\":\"https:\\\/\\\/desirecalero.com\\\/fr\\\/#\\\/schema\\\/logo\\\/image\\\/\",\"url\":\"https:\\\/\\\/desirecalero.com\\\/wp-content\\\/uploads\\\/2021\\\/09\\\/LOGO-01.png\",\"contentUrl\":\"https:\\\/\\\/desirecalero.com\\\/wp-content\\\/uploads\\\/2021\\\/09\\\/LOGO-01.png\",\"width\":1600,\"height\":1600,\"caption\":\"Desir\u00e9e Calero\"},\"image\":{\"@id\":\"https:\\\/\\\/desirecalero.com\\\/fr\\\/#\\\/schema\\\/logo\\\/image\\\/\"}}]}<\/script>\n<!-- \/ Yoast SEO plugin. -->","yoast_head_json":{"title":"Avis juridique &#8226; Desire Calero","description":"Desde shows privados hasta la magia y el encanto de la casa de la Embajadora del Flamenco en C\u00f3rdoba, te ofrecemos de nuestra mano una experiencia \u00fanica e irrepetible.","robots":{"index":"index","follow":"follow","max-snippet":"max-snippet:-1","max-image-preview":"max-image-preview:large","max-video-preview":"max-video-preview:-1"},"canonical":"https:\/\/desirecalero.com\/fr\/avis-juridique\/","og_locale":"fr_FR","og_type":"article","og_title":"Avis juridique &#8226; Desire Calero","og_description":"Desde shows privados hasta la magia y el encanto de la casa de la Embajadora del Flamenco en C\u00f3rdoba, te ofrecemos de nuestra mano una experiencia \u00fanica e irrepetible.","og_url":"https:\/\/desirecalero.com\/fr\/avis-juridique\/","og_site_name":"Desire Calero","article_modified_time":"2021-10-19T14:57:06+00:00","twitter_card":"summary_large_image","twitter_misc":{"Dur\u00e9e de lecture estim\u00e9e":"2 minutes"},"schema":{"@context":"https:\/\/schema.org","@graph":[{"@type":"WebPage","@id":"https:\/\/desirecalero.com\/fr\/avis-juridique\/","url":"https:\/\/desirecalero.com\/fr\/avis-juridique\/","name":"Avis juridique &#8226; Desire Calero","isPartOf":{"@id":"https:\/\/desirecalero.com\/fr\/#website"},"datePublished":"2021-10-05T12:27:40+00:00","dateModified":"2021-10-19T14:57:06+00:00","description":"Desde shows privados hasta la magia y el encanto de la casa de la Embajadora del Flamenco en C\u00f3rdoba, te ofrecemos de nuestra mano una experiencia \u00fanica e irrepetible.","breadcrumb":{"@id":"https:\/\/desirecalero.com\/fr\/avis-juridique\/#breadcrumb"},"inLanguage":"fr-FR","potentialAction":[{"@type":"ReadAction","target":["https:\/\/desirecalero.com\/fr\/avis-juridique\/"]}]},{"@type":"BreadcrumbList","@id":"https:\/\/desirecalero.com\/fr\/avis-juridique\/#breadcrumb","itemListElement":[{"@type":"ListItem","position":1,"name":"Portada","item":"https:\/\/desirecalero.com\/fr\/"},{"@type":"ListItem","position":2,"name":"Avis juridique"}]},{"@type":"WebSite","@id":"https:\/\/desirecalero.com\/fr\/#website","url":"https:\/\/desirecalero.com\/fr\/","name":"Desire Calero","description":"","publisher":{"@id":"https:\/\/desirecalero.com\/fr\/#organization"},"potentialAction":[{"@type":"SearchAction","target":{"@type":"EntryPoint","urlTemplate":"https:\/\/desirecalero.com\/fr\/?s={search_term_string}"},"query-input":{"@type":"PropertyValueSpecification","valueRequired":true,"valueName":"search_term_string"}}],"inLanguage":"fr-FR"},{"@type":"Organization","@id":"https:\/\/desirecalero.com\/fr\/#organization","name":"Desir\u00e9e Calero","url":"https:\/\/desirecalero.com\/fr\/","logo":{"@type":"ImageObject","inLanguage":"fr-FR","@id":"https:\/\/desirecalero.com\/fr\/#\/schema\/logo\/image\/","url":"https:\/\/desirecalero.com\/wp-content\/uploads\/2021\/09\/LOGO-01.png","contentUrl":"https:\/\/desirecalero.com\/wp-content\/uploads\/2021\/09\/LOGO-01.png","width":1600,"height":1600,"caption":"Desir\u00e9e Calero"},"image":{"@id":"https:\/\/desirecalero.com\/fr\/#\/schema\/logo\/image\/"}}]}},"taxonomy_info":[],"featured_image_src_large":false,"author_info":{"display_name":"expacioweb","author_link":"https:\/\/desirecalero.com\/fr\/author\/expacioweb\/"},"comment_info":0,"_links":{"self":[{"href":"https:\/\/desirecalero.com\/fr\/wp-json\/wp\/v2\/pages\/1593","targetHints":{"allow":["GET"]}}],"collection":[{"href":"https:\/\/desirecalero.com\/fr\/wp-json\/wp\/v2\/pages"}],"about":[{"href":"https:\/\/desirecalero.com\/fr\/wp-json\/wp\/v2\/types\/page"}],"author":[{"embeddable":true,"href":"https:\/\/desirecalero.com\/fr\/wp-json\/wp\/v2\/users\/1"}],"replies":[{"embeddable":true,"href":"https:\/\/desirecalero.com\/fr\/wp-json\/wp\/v2\/comments?post=1593"}],"version-history":[{"count":3,"href":"https:\/\/desirecalero.com\/fr\/wp-json\/wp\/v2\/pages\/1593\/revisions"}],"predecessor-version":[{"id":1987,"href":"https:\/\/desirecalero.com\/fr\/wp-json\/wp\/v2\/pages\/1593\/revisions\/1987"}],"wp:attachment":[{"href":"https:\/\/desirecalero.com\/fr\/wp-json\/wp\/v2\/media?parent=1593"}],"curies":[{"name":"wp","href":"https:\/\/api.w.org\/{rel}","templated":true}]}}